{"id":15286,"date":"2025-03-14T13:17:47","date_gmt":"2025-03-14T16:17:47","guid":{"rendered":"https:\/\/fia.com.br\/graduacao\/?page_id=15286"},"modified":"2026-04-06T15:04:36","modified_gmt":"2026-04-06T18:04:36","slug":"corpo-docente-economia","status":"publish","type":"page","link":"https:\/\/fia.com.br\/graduacao\/corpo-docente-economia\/","title":{"rendered":"Corpo Docente Economia"},"content":{"rendered":"\t\t<div data-elementor-type=\"wp-page\" data-elementor-id=\"15286\" class=\"elementor elementor-15286\" data-elementor-post-type=\"page\">\n\t\t\t\t<div class=\"elementor-element elementor-element-6980be4 e-flex e-con-boxed e-con e-parent\" data-id=\"6980be4\" data-element_type=\"container\" data-settings=\"{&quot;background_background&quot;:&quot;classic&quot;}\">\n\t\t\t\t\t<div class=\"e-con-inner\">\n\t\t\t\t<div class=\"elementor-element elementor-element-3dcdf70 elementor-widget elementor-widget-heading\" data-id=\"3dcdf70\" data-element_type=\"widget\" data-widget_type=\"heading.default\">\n\t\t\t\t<div class=\"elementor-widget-container\">\n\t\t\t<style>\/*! elementor - v3.22.0 - 26-06-2024 *\/\n.elementor-heading-title{padding:0;margin:0;line-height:1}.elementor-widget-heading .elementor-heading-title[class*=elementor-size-]>a{color:inherit;font-size:inherit;line-height:inherit}.elementor-widget-heading .elementor-heading-title.elementor-size-small{font-size:15px}.elementor-widget-heading .elementor-heading-title.elementor-size-medium{font-size:19px}.elementor-widget-heading .elementor-heading-title.elementor-size-large{font-size:29px}.elementor-widget-heading .elementor-heading-title.elementor-size-xl{font-size:39px}.elementor-widget-heading .elementor-heading-title.elementor-size-xxl{font-size:59px}<\/style><h1 class=\"elementor-heading-title elementor-size-default\">Professores do Curso de <b>Economia<\/b> <br>Gradua\u00e7\u00e3o FIA\n<\/h1>\t\t<\/div>\n\t\t\t\t<\/div>\n\t\t\t\t<div class=\"elementor-element elementor-element-8e8ebbb elementor-widget__width-initial elementor-widget elementor-widget-heading\" data-id=\"8e8ebbb\" data-element_type=\"widget\" data-widget_type=\"heading.default\">\n\t\t\t\t<div class=\"elementor-widget-container\">\n\t\t\t<h2 class=\"elementor-heading-title elementor-size-default\">O corpo docente \u00e9 composto por professores com <b>n\u00edvel de Mestrado e Doutorado.<\/b><\/h2>\t\t<\/div>\n\t\t\t\t<\/div>\n\t\t\t\t<div class=\"elementor-element elementor-element-38443b1 elementor-icon-list--layout-inline elementor-align-center elementor-list-item-link-full_width elementor-widget elementor-widget-icon-list\" data-id=\"38443b1\" data-element_type=\"widget\" data-widget_type=\"icon-list.default\">\n\t\t\t\t<div class=\"elementor-widget-container\">\n\t\t\t<link rel=\"stylesheet\" href=\"https:\/\/fia.com.br\/graduacao\/wp-content\/uploads\/sites\/6\/elementor\/css\/custom-widget-icon-list.min.css?ver=1769532754\">\t\t<ul class=\"elementor-icon-list-items elementor-inline-items\">\n\t\t\t\t\t\t\t<li class=\"elementor-icon-list-item elementor-inline-item\">\n\t\t\t\t\t\t\t\t\t\t\t<a href=\"#1\">\n\n\t\t\t\t\t\t\t\t\t\t\t<span class=\"elementor-icon-list-text\">#<\/span>\n\t\t\t\t\t\t\t\t\t\t\t<\/a>\n\t\t\t\t\t\t\t\t\t<\/li>\n\t\t\t\t\t\t\t\t<li class=\"elementor-icon-list-item elementor-inline-item\">\n\t\t\t\t\t\t\t\t\t\t\t<a href=\"#a\">\n\n\t\t\t\t\t\t\t\t\t\t\t<span class=\"elementor-icon-list-text\">A<\/span>\n\t\t\t\t\t\t\t\t\t\t\t<\/a>\n\t\t\t\t\t\t\t\t\t<\/li>\n\t\t\t\t\t\t\t\t<li class=\"elementor-icon-list-item elementor-inline-item\">\n\t\t\t\t\t\t\t\t\t\t\t<a href=\"#b\">\n\n\t\t\t\t\t\t\t\t\t\t\t<span class=\"elementor-icon-list-text\">B<\/span>\n\t\t\t\t\t\t\t\t\t\t\t<\/a>\n\t\t\t\t\t\t\t\t\t<\/li>\n\t\t\t\t\t\t\t\t<li class=\"elementor-icon-list-item elementor-inline-item\">\n\t\t\t\t\t\t\t\t\t\t\t<a href=\"#c\">\n\n\t\t\t\t\t\t\t\t\t\t\t<span class=\"elementor-icon-list-text\">C<\/span>\n\t\t\t\t\t\t\t\t\t\t\t<\/a>\n\t\t\t\t\t\t\t\t\t<\/li>\n\t\t\t\t\t\t\t\t<li class=\"elementor-icon-list-item elementor-inline-item\">\n\t\t\t\t\t\t\t\t\t\t\t<a href=\"#d\">\n\n\t\t\t\t\t\t\t\t\t\t\t<span class=\"elementor-icon-list-text\">D<\/span>\n\t\t\t\t\t\t\t\t\t\t\t<\/a>\n\t\t\t\t\t\t\t\t\t<\/li>\n\t\t\t\t\t\t\t\t<li class=\"elementor-icon-list-item elementor-inline-item\">\n\t\t\t\t\t\t\t\t\t\t\t<a href=\"#e\">\n\n\t\t\t\t\t\t\t\t\t\t\t<span class=\"elementor-icon-list-text\">E<\/span>\n\t\t\t\t\t\t\t\t\t\t\t<\/a>\n\t\t\t\t\t\t\t\t\t<\/li>\n\t\t\t\t\t\t\t\t<li class=\"elementor-icon-list-item elementor-inline-item\">\n\t\t\t\t\t\t\t\t\t\t\t<a href=\"#f\">\n\n\t\t\t\t\t\t\t\t\t\t\t<span class=\"elementor-icon-list-text\">F<\/span>\n\t\t\t\t\t\t\t\t\t\t\t<\/a>\n\t\t\t\t\t\t\t\t\t<\/li>\n\t\t\t\t\t\t\t\t<li class=\"elementor-icon-list-item elementor-inline-item\">\n\t\t\t\t\t\t\t\t\t\t\t<a href=\"#g\">\n\n\t\t\t\t\t\t\t\t\t\t\t<span class=\"elementor-icon-list-text\">G<\/span>\n\t\t\t\t\t\t\t\t\t\t\t<\/a>\n\t\t\t\t\t\t\t\t\t<\/li>\n\t\t\t\t\t\t\t\t<li class=\"elementor-icon-list-item elementor-inline-item\">\n\t\t\t\t\t\t\t\t\t\t\t<a href=\"#h\">\n\n\t\t\t\t\t\t\t\t\t\t\t<span class=\"elementor-icon-list-text\">H<\/span>\n\t\t\t\t\t\t\t\t\t\t\t<\/a>\n\t\t\t\t\t\t\t\t\t<\/li>\n\t\t\t\t\t\t\t\t<li class=\"elementor-icon-list-item elementor-inline-item\">\n\t\t\t\t\t\t\t\t\t\t\t<a href=\"#i\">\n\n\t\t\t\t\t\t\t\t\t\t\t<span class=\"elementor-icon-list-text\">I<\/span>\n\t\t\t\t\t\t\t\t\t\t\t<\/a>\n\t\t\t\t\t\t\t\t\t<\/li>\n\t\t\t\t\t\t\t\t<li class=\"elementor-icon-list-item elementor-inline-item\">\n\t\t\t\t\t\t\t\t\t\t\t<a href=\"#j\">\n\n\t\t\t\t\t\t\t\t\t\t\t<span class=\"elementor-icon-list-text\">J<\/span>\n\t\t\t\t\t\t\t\t\t\t\t<\/a>\n\t\t\t\t\t\t\t\t\t<\/li>\n\t\t\t\t\t\t\t\t<li class=\"elementor-icon-list-item elementor-inline-item\">\n\t\t\t\t\t\t\t\t\t\t\t<a href=\"#k\">\n\n\t\t\t\t\t\t\t\t\t\t\t<span class=\"elementor-icon-list-text\">K<\/span>\n\t\t\t\t\t\t\t\t\t\t\t<\/a>\n\t\t\t\t\t\t\t\t\t<\/li>\n\t\t\t\t\t\t\t\t<li class=\"elementor-icon-list-item elementor-inline-item\">\n\t\t\t\t\t\t\t\t\t\t\t<a href=\"#l\">\n\n\t\t\t\t\t\t\t\t\t\t\t<span class=\"elementor-icon-list-text\">L<\/span>\n\t\t\t\t\t\t\t\t\t\t\t<\/a>\n\t\t\t\t\t\t\t\t\t<\/li>\n\t\t\t\t\t\t\t\t<li class=\"elementor-icon-list-item elementor-inline-item\">\n\t\t\t\t\t\t\t\t\t\t\t<a href=\"#m\">\n\n\t\t\t\t\t\t\t\t\t\t\t<span class=\"elementor-icon-list-text\">M<\/span>\n\t\t\t\t\t\t\t\t\t\t\t<\/a>\n\t\t\t\t\t\t\t\t\t<\/li>\n\t\t\t\t\t\t\t\t<li class=\"elementor-icon-list-item elementor-inline-item\">\n\t\t\t\t\t\t\t\t\t\t\t<a href=\"#n\">\n\n\t\t\t\t\t\t\t\t\t\t\t<span class=\"elementor-icon-list-text\">N<\/span>\n\t\t\t\t\t\t\t\t\t\t\t<\/a>\n\t\t\t\t\t\t\t\t\t<\/li>\n\t\t\t\t\t\t\t\t<li class=\"elementor-icon-list-item elementor-inline-item\">\n\t\t\t\t\t\t\t\t\t\t\t<a href=\"#o\">\n\n\t\t\t\t\t\t\t\t\t\t\t<span class=\"elementor-icon-list-text\">O<\/span>\n\t\t\t\t\t\t\t\t\t\t\t<\/a>\n\t\t\t\t\t\t\t\t\t<\/li>\n\t\t\t\t\t\t\t\t<li class=\"elementor-icon-list-item elementor-inline-item\">\n\t\t\t\t\t\t\t\t\t\t\t<a href=\"#p\">\n\n\t\t\t\t\t\t\t\t\t\t\t<span class=\"elementor-icon-list-text\">P<\/span>\n\t\t\t\t\t\t\t\t\t\t\t<\/a>\n\t\t\t\t\t\t\t\t\t<\/li>\n\t\t\t\t\t\t\t\t<li class=\"elementor-icon-list-item elementor-inline-item\">\n\t\t\t\t\t\t\t\t\t\t\t<a href=\"#q\">\n\n\t\t\t\t\t\t\t\t\t\t\t<span class=\"elementor-icon-list-text\">Q<\/span>\n\t\t\t\t\t\t\t\t\t\t\t<\/a>\n\t\t\t\t\t\t\t\t\t<\/li>\n\t\t\t\t\t\t\t\t<li class=\"elementor-icon-list-item elementor-inline-item\">\n\t\t\t\t\t\t\t\t\t\t\t<a href=\"#r\">\n\n\t\t\t\t\t\t\t\t\t\t\t<span class=\"elementor-icon-list-text\">R<\/span>\n\t\t\t\t\t\t\t\t\t\t\t<\/a>\n\t\t\t\t\t\t\t\t\t<\/li>\n\t\t\t\t\t\t\t\t<li class=\"elementor-icon-list-item elementor-inline-item\">\n\t\t\t\t\t\t\t\t\t\t\t<a href=\"#s\">\n\n\t\t\t\t\t\t\t\t\t\t\t<span class=\"elementor-icon-list-text\">S<\/span>\n\t\t\t\t\t\t\t\t\t\t\t<\/a>\n\t\t\t\t\t\t\t\t\t<\/li>\n\t\t\t\t\t\t\t\t<li class=\"elementor-icon-list-item elementor-inline-item\">\n\t\t\t\t\t\t\t\t\t\t\t<a href=\"#t\">\n\n\t\t\t\t\t\t\t\t\t\t\t<span class=\"elementor-icon-list-text\">T<\/span>\n\t\t\t\t\t\t\t\t\t\t\t<\/a>\n\t\t\t\t\t\t\t\t\t<\/li>\n\t\t\t\t\t\t\t\t<li class=\"elementor-icon-list-item elementor-inline-item\">\n\t\t\t\t\t\t\t\t\t\t\t<a href=\"#u\">\n\n\t\t\t\t\t\t\t\t\t\t\t<span class=\"elementor-icon-list-text\">U<\/span>\n\t\t\t\t\t\t\t\t\t\t\t<\/a>\n\t\t\t\t\t\t\t\t\t<\/li>\n\t\t\t\t\t\t\t\t<li class=\"elementor-icon-list-item elementor-inline-item\">\n\t\t\t\t\t\t\t\t\t\t\t<a href=\"#v\">\n\n\t\t\t\t\t\t\t\t\t\t\t<span class=\"elementor-icon-list-text\">V<\/span>\n\t\t\t\t\t\t\t\t\t\t\t<\/a>\n\t\t\t\t\t\t\t\t\t<\/li>\n\t\t\t\t\t\t\t\t<li class=\"elementor-icon-list-item elementor-inline-item\">\n\t\t\t\t\t\t\t\t\t\t\t<a href=\"#w\">\n\n\t\t\t\t\t\t\t\t\t\t\t<span class=\"elementor-icon-list-text\">W<\/span>\n\t\t\t\t\t\t\t\t\t\t\t<\/a>\n\t\t\t\t\t\t\t\t\t<\/li>\n\t\t\t\t\t\t\t\t<li class=\"elementor-icon-list-item elementor-inline-item\">\n\t\t\t\t\t\t\t\t\t\t\t<a href=\"#x\">\n\n\t\t\t\t\t\t\t\t\t\t\t<span class=\"elementor-icon-list-text\">X<\/span>\n\t\t\t\t\t\t\t\t\t\t\t<\/a>\n\t\t\t\t\t\t\t\t\t<\/li>\n\t\t\t\t\t\t\t\t<li class=\"elementor-icon-list-item elementor-inline-item\">\n\t\t\t\t\t\t\t\t\t\t\t<a href=\"#y\">\n\n\t\t\t\t\t\t\t\t\t\t\t<span class=\"elementor-icon-list-text\">Y<\/span>\n\t\t\t\t\t\t\t\t\t\t\t<\/a>\n\t\t\t\t\t\t\t\t\t<\/li>\n\t\t\t\t\t\t\t\t<li class=\"elementor-icon-list-item elementor-inline-item\">\n\t\t\t\t\t\t\t\t\t\t\t<a href=\"#z\">\n\n\t\t\t\t\t\t\t\t\t\t\t<span class=\"elementor-icon-list-text\">Z<\/span>\n\t\t\t\t\t\t\t\t\t\t\t<\/a>\n\t\t\t\t\t\t\t\t\t<\/li>\n\t\t\t\t\t\t<\/ul>\n\t\t\t\t<\/div>\n\t\t\t\t<\/div>\n\t\t\t\t<div class=\"elementor-element elementor-element-8270f77 elementor-widget elementor-widget-menu-anchor\" data-id=\"8270f77\" data-element_type=\"widget\" data-widget_type=\"menu-anchor.default\">\n\t\t\t\t<div class=\"elementor-widget-container\">\n\t\t\t<style>\/*! elementor - v3.22.0 - 26-06-2024 *\/\nbody.elementor-page .elementor-widget-menu-anchor{margin-bottom:0}<\/style>\t\t<div class=\"elementor-menu-anchor\" id=\"1\"><\/div>\n\t\t\t\t<\/div>\n\t\t\t\t<\/div>\n\t\t\t\t<div class=\"elementor-element elementor-element-6dfc8de elementor-position-left elementor-vertical-align-top elementor-widget elementor-widget-image-box\" data-id=\"6dfc8de\" data-element_type=\"widget\" data-settings=\"{&quot;_animation&quot;:&quot;none&quot;}\" data-widget_type=\"image-box.default\">\n\t\t\t\t<div class=\"elementor-widget-container\">\n\t\t\t<style>.elementor-widget-image-box .elementor-image-box-content{width:100%}@media (min-width:768px){.elementor-widget-image-box.elementor-position-left .elementor-image-box-wrapper,.elementor-widget-image-box.elementor-position-right .elementor-image-box-wrapper{display:flex}.elementor-widget-image-box.elementor-position-right .elementor-image-box-wrapper{text-align:end;flex-direction:row-reverse}.elementor-widget-image-box.elementor-position-left .elementor-image-box-wrapper{text-align:start;flex-direction:row}.elementor-widget-image-box.elementor-position-top .elementor-image-box-img{margin:auto}.elementor-widget-image-box.elementor-vertical-align-top .elementor-image-box-wrapper{align-items:flex-start}.elementor-widget-image-box.elementor-vertical-align-middle .elementor-image-box-wrapper{align-items:center}.elementor-widget-image-box.elementor-vertical-align-bottom .elementor-image-box-wrapper{align-items:flex-end}}@media (max-width:767px){.elementor-widget-image-box .elementor-image-box-img{margin-left:auto!important;margin-right:auto!important;margin-bottom:15px}}.elementor-widget-image-box .elementor-image-box-img{display:inline-block}.elementor-widget-image-box .elementor-image-box-title a{color:inherit}.elementor-widget-image-box .elementor-image-box-wrapper{text-align:center}.elementor-widget-image-box .elementor-image-box-description{margin:0}<\/style><div class=\"elementor-image-box-wrapper\"><figure class=\"elementor-image-box-img\"><img fetchpriority=\"high\" decoding=\"async\" width=\"347\" height=\"346\" src=\"https:\/\/fia.com.br\/graduacao\/wp-content\/uploads\/sites\/6\/2024\/10\/Isis-Koelle-1.jpg\" class=\"elementor-animation-shrink attachment-full size-full wp-image-15168\" alt=\"\" srcset=\"https:\/\/fia.com.br\/graduacao\/wp-content\/uploads\/sites\/6\/2024\/10\/Isis-Koelle-1.jpg 347w, https:\/\/fia.com.br\/graduacao\/wp-content\/uploads\/sites\/6\/2024\/10\/Isis-Koelle-1-300x300.jpg 300w, https:\/\/fia.com.br\/graduacao\/wp-content\/uploads\/sites\/6\/2024\/10\/Isis-Koelle-1-150x150.jpg 150w\" sizes=\"(max-width: 347px) 100vw, 347px\" \/><\/figure><div class=\"elementor-image-box-content\"><h2 class=\"elementor-image-box-title\">Profa. M.E. Isis de Cassia Vannucci de Oliveira Koelle <\/h2><p class=\"elementor-image-box-description\"><b>COORDENADORA DO CURSO<\/b><br><br>\nProfissional da \u00e1rea de Marketing, Estrat\u00e9gia e Inova\u00e7\u00e3o com gradua\u00e7\u00e3o em Ci\u00eancias Econ\u00f4micas pela UNICAMP (2006), MBA em Marketing pela Funda\u00e7\u00e3o Get\u00falio Vargas (2012) e Mestrado de Administra\u00e7\u00e3o em Gest\u00e3o de Neg\u00f3cios na FIA (2019). Trajet\u00f3ria profissional com mais de 15 anos em empresas multinacionais de grande porte como 3M. Bosch, Merial e Unilever. Professora de gradua\u00e7\u00e3o na Funda\u00e7\u00e3o Instituto de Administra\u00e7\u00e3o e professora convidada dos cursos de gradua\u00e7\u00e3o da ESAMC e extens\u00e3o da UNICAMP. \u00c1reas de pesquisa at\u00e9 o momento: economia internacional, finan\u00e7as, governan\u00e7a corporativa, marketing estrat\u00e9gico, desenvolvimento de produto e marketing digital.\n<br><br>\n<a href=\"http:\/\/lattes.cnpq.br\/7363325478938590\" target=\"_blank\" rel=\"noopener\"><b>\u00bb CURR\u00cdCULO LATTES<\/b><\/a><\/p><\/div><\/div>\t\t<\/div>\n\t\t\t\t<\/div>\n\t\t\t\t<div class=\"elementor-element elementor-element-8ac4884 elementor-widget elementor-widget-menu-anchor\" data-id=\"8ac4884\" data-element_type=\"widget\" data-widget_type=\"menu-anchor.default\">\n\t\t\t\t<div class=\"elementor-widget-container\">\n\t\t\t\t\t<div class=\"elementor-menu-anchor\" id=\"a\"><\/div>\n\t\t\t\t<\/div>\n\t\t\t\t<\/div>\n\t\t\t\t<div class=\"elementor-element elementor-element-4bf581d elementor-position-left elementor-vertical-align-top elementor-widget elementor-widget-image-box\" data-id=\"4bf581d\" data-element_type=\"widget\" data-settings=\"{&quot;_animation&quot;:&quot;none&quot;}\" data-widget_type=\"image-box.default\">\n\t\t\t\t<div class=\"elementor-widget-container\">\n\t\t\t<div class=\"elementor-image-box-wrapper\"><figure class=\"elementor-image-box-img\"><img decoding=\"async\" width=\"582\" height=\"582\" src=\"https:\/\/fia.com.br\/graduacao\/wp-content\/uploads\/sites\/6\/2024\/10\/Alessandro-Bigheto-1.jpeg\" class=\"elementor-animation-shrink attachment-full size-full wp-image-15169\" alt=\"\" srcset=\"https:\/\/fia.com.br\/graduacao\/wp-content\/uploads\/sites\/6\/2024\/10\/Alessandro-Bigheto-1.jpeg 582w, https:\/\/fia.com.br\/graduacao\/wp-content\/uploads\/sites\/6\/2024\/10\/Alessandro-Bigheto-1-300x300.jpeg 300w, https:\/\/fia.com.br\/graduacao\/wp-content\/uploads\/sites\/6\/2024\/10\/Alessandro-Bigheto-1-150x150.jpeg 150w\" sizes=\"(max-width: 582px) 100vw, 582px\" \/><\/figure><div class=\"elementor-image-box-content\"><h2 class=\"elementor-image-box-title\">Prof. M.E. Alessandro Cesar Bigheto<\/h2><p class=\"elementor-image-box-description\">Possui mestrado em Filosofia, hist\u00f3ria e educa\u00e7\u00e3o pela Universidade Estadual de Campinas (2006). Atualmente \u00e9 professor e coordenador pedag\u00f3gico professor de curso de Gradua\u00e7\u00e3o em Administra\u00e7\u00e3o da FIA-USP; professor de filosofia do col\u00e9gio Divino Salvador; professor convidado do mestrado FIA-USP. \u00c9 pesquisador na Universidade Livre Pamp\u00e9dia. Tem experi\u00eancia na \u00e1rea de Educa\u00e7\u00e3o, filosofia e temas afins, com \u00eanfase em Filosofia da Educa\u00e7\u00e3o, atuando principalmente nos seguintes temas: filosofia, \u00e9tica, filosofia da educa\u00e7\u00e3o, hist\u00f3ria da educa\u00e7\u00e3o e toler\u00e2ncia religiosa.\n<br><br>\n<a href=\"http:\/\/lattes.cnpq.br\/3052170873735140\" target=\"_blank\" rel=\"noopener\"><b>\u00bb CURR\u00cdCULO LATTES<\/strong><\/a><\/p><\/div><\/div>\t\t<\/div>\n\t\t\t\t<\/div>\n\t\t\t\t<div class=\"elementor-element elementor-element-4c3f68c elementor-widget elementor-widget-menu-anchor\" data-id=\"4c3f68c\" data-element_type=\"widget\" data-widget_type=\"menu-anchor.default\">\n\t\t\t\t<div class=\"elementor-widget-container\">\n\t\t\t\t\t<div class=\"elementor-menu-anchor\" id=\"c\"><\/div>\n\t\t\t\t<\/div>\n\t\t\t\t<\/div>\n\t\t\t\t<div class=\"elementor-element elementor-element-3eba713 elementor-position-left elementor-vertical-align-top elementor-widget elementor-widget-image-box\" data-id=\"3eba713\" data-element_type=\"widget\" data-settings=\"{&quot;_animation&quot;:&quot;none&quot;}\" data-widget_type=\"image-box.default\">\n\t\t\t\t<div class=\"elementor-widget-container\">\n\t\t\t<div class=\"elementor-image-box-wrapper\"><figure class=\"elementor-image-box-img\"><img decoding=\"async\" width=\"600\" height=\"600\" src=\"https:\/\/fia.com.br\/graduacao\/wp-content\/uploads\/sites\/6\/2026\/04\/Foto-Camila-Mourad-4.jpg\" class=\"elementor-animation-shrink attachment-full size-full wp-image-15517\" alt=\"\" srcset=\"https:\/\/fia.com.br\/graduacao\/wp-content\/uploads\/sites\/6\/2026\/04\/Foto-Camila-Mourad-4.jpg 600w, https:\/\/fia.com.br\/graduacao\/wp-content\/uploads\/sites\/6\/2026\/04\/Foto-Camila-Mourad-4-300x300.jpg 300w, https:\/\/fia.com.br\/graduacao\/wp-content\/uploads\/sites\/6\/2026\/04\/Foto-Camila-Mourad-4-150x150.jpg 150w\" sizes=\"(max-width: 600px) 100vw, 600px\" \/><\/figure><div class=\"elementor-image-box-content\"><h2 class=\"elementor-image-box-title\">Profa. Dra. Camila Benatti Mourad<\/h2><p class=\"elementor-image-box-description\">Doutora e Mestre em Administra\u00e7\u00e3o pela Faculdade de Economia, Administra\u00e7\u00e3o e Contabilidade da USP. Graduada em Administra\u00e7\u00e3o pela Universidade Federal de Mato Grosso do Sul (UFMS). Atua em pesquisas relacionadas ao tema da inova\u00e7\u00e3o, gest\u00e3o tecnol\u00f3gica, gest\u00e3o por processos, economia das organiza\u00e7\u00f5es e estrat\u00e9gia organizacional.\n<br><br>\n<a href=\"http:\/\/lattes.cnpq.br\/5917713787077351\" target=\"_blank\" rel=\"noopener\"><b>\u00bb CURR\u00cdCULO LATTES<\/b><\/a><\/p><\/div><\/div>\t\t<\/div>\n\t\t\t\t<\/div>\n\t\t\t\t<div class=\"elementor-element elementor-element-f7f2608 elementor-widget elementor-widget-menu-anchor\" data-id=\"f7f2608\" data-element_type=\"widget\" data-widget_type=\"menu-anchor.default\">\n\t\t\t\t<div class=\"elementor-widget-container\">\n\t\t\t\t\t<div class=\"elementor-menu-anchor\" id=\"e\"><\/div>\n\t\t\t\t<\/div>\n\t\t\t\t<\/div>\n\t\t\t\t<div class=\"elementor-element elementor-element-98352df elementor-position-left elementor-vertical-align-top elementor-widget elementor-widget-image-box\" data-id=\"98352df\" data-element_type=\"widget\" data-settings=\"{&quot;_animation&quot;:&quot;none&quot;}\" data-widget_type=\"image-box.default\">\n\t\t\t\t<div class=\"elementor-widget-container\">\n\t\t\t<div class=\"elementor-image-box-wrapper\"><figure class=\"elementor-image-box-img\"><img loading=\"lazy\" decoding=\"async\" width=\"1517\" height=\"1517\" src=\"https:\/\/fia.com.br\/graduacao\/wp-content\/uploads\/sites\/6\/2025\/03\/Edson-Carlos-Germano-1.jpg\" class=\"elementor-animation-shrink attachment-full size-full wp-image-15284\" alt=\"\" srcset=\"https:\/\/fia.com.br\/graduacao\/wp-content\/uploads\/sites\/6\/2025\/03\/Edson-Carlos-Germano-1.jpg 1517w, https:\/\/fia.com.br\/graduacao\/wp-content\/uploads\/sites\/6\/2025\/03\/Edson-Carlos-Germano-1-300x300.jpg 300w, https:\/\/fia.com.br\/graduacao\/wp-content\/uploads\/sites\/6\/2025\/03\/Edson-Carlos-Germano-1-1024x1024.jpg 1024w, https:\/\/fia.com.br\/graduacao\/wp-content\/uploads\/sites\/6\/2025\/03\/Edson-Carlos-Germano-1-150x150.jpg 150w, https:\/\/fia.com.br\/graduacao\/wp-content\/uploads\/sites\/6\/2025\/03\/Edson-Carlos-Germano-1-768x768.jpg 768w\" sizes=\"(max-width: 1517px) 100vw, 1517px\" \/><\/figure><div class=\"elementor-image-box-content\"><h2 class=\"elementor-image-box-title\">Prof. Edson Carlos Germano<\/h2><p class=\"elementor-image-box-description\">Doutor em Administra\u00e7\u00e3o pela Faculdade de Economia, Administra\u00e7\u00e3o e Contabilidade - USP (ingresso em 2015). Possui gradua\u00e7\u00e3o em Engenharia Mec\u00e2nica pela Universidade de S\u00e3o Paulo (2009) e Mestrado em Administra\u00e7\u00e3o pela Faculdade de Economia, Administra\u00e7\u00e3o e Contabilidade - USP (2013). Na \u00e1rea acad\u00eamica, tem experi\u00eancia em Administra\u00e7\u00e3o de Empresas, atuando principalmente nos seguintes temas: Sistemas de Informa\u00e7\u00e3o, Dados Governamentais Abertos, Qualidade da Informa\u00e7\u00e3o, Gest\u00e3o P\u00fablica. Realiza pesquisas relacionados ao tema de Dados Abertos e Impactos destes na Sociedade, com artigos e cap\u00edtulo de livros acad\u00eamicos publicados. \u00c9 membro do Grupo de Pesquisa em Sistemas de Informa\u00e7\u00e3o da FEA-USP. Atua como Consultor de Tecnologia da Informa\u00e7\u00e3o e Gest\u00e3o P\u00fablica na Funda\u00e7\u00e3o Instituto de Administra\u00e7\u00e3o, com mais de 12 anos de experi\u00eancia na arquitetura, desenvolvimento e implanta\u00e7\u00e3o de solu\u00e7\u00f5es de TI no setor p\u00fablico. Experi\u00eancia em projetos de Gest\u00e3o Digital de Processos e Documentos, possibilitando a institui\u00e7\u00e3o p\u00fablica adotar documentos emitidos e processos administrativos em formato 100% digital, com informatiza\u00e7\u00e3o dos processos e transpar\u00eancia do andamento do processo; Disponibiliza\u00e7\u00e3o dos servi\u00e7os ao cidad\u00e3o no formato digital.\n<br><br>\n<a href=\"http:\/\/lattes.cnpq.br\/5251276000054863\n\" target=\"_blank\" rel=\"noopener\"><b>\u00bb CURR\u00cdCULO LATTES<\/strong><\/a><\/p><\/div><\/div>\t\t<\/div>\n\t\t\t\t<\/div>\n\t\t\t\t<div class=\"elementor-element elementor-element-6332754 elementor-widget elementor-widget-menu-anchor\" data-id=\"6332754\" data-element_type=\"widget\" data-widget_type=\"menu-anchor.default\">\n\t\t\t\t<div class=\"elementor-widget-container\">\n\t\t\t\t\t<div class=\"elementor-menu-anchor\" id=\"f\"><\/div>\n\t\t\t\t<\/div>\n\t\t\t\t<\/div>\n\t\t\t\t<div class=\"elementor-element elementor-element-b5a3111 elementor-position-left elementor-vertical-align-top elementor-widget elementor-widget-image-box\" data-id=\"b5a3111\" data-element_type=\"widget\" data-settings=\"{&quot;_animation&quot;:&quot;none&quot;}\" data-widget_type=\"image-box.default\">\n\t\t\t\t<div class=\"elementor-widget-container\">\n\t\t\t<div class=\"elementor-image-box-wrapper\"><figure class=\"elementor-image-box-img\"><img loading=\"lazy\" decoding=\"async\" width=\"500\" height=\"500\" src=\"https:\/\/fia.com.br\/graduacao\/wp-content\/uploads\/sites\/6\/2025\/09\/Fabiana-Cherubim.jpg\" class=\"elementor-animation-shrink attachment-full size-full wp-image-15391\" alt=\"\" srcset=\"https:\/\/fia.com.br\/graduacao\/wp-content\/uploads\/sites\/6\/2025\/09\/Fabiana-Cherubim.jpg 500w, https:\/\/fia.com.br\/graduacao\/wp-content\/uploads\/sites\/6\/2025\/09\/Fabiana-Cherubim-300x300.jpg 300w, https:\/\/fia.com.br\/graduacao\/wp-content\/uploads\/sites\/6\/2025\/09\/Fabiana-Cherubim-150x150.jpg 150w\" sizes=\"(max-width: 500px) 100vw, 500px\" \/><\/figure><div class=\"elementor-image-box-content\"><h2 class=\"elementor-image-box-title\">Profa. Dra. Fabiana Cherubim<\/h2><p class=\"elementor-image-box-description\">Doutora em Ci\u00eancias (Concentra\u00e7\u00e3o em Administra\u00e7\u00e3o de Empresas) pela Faculdade de Economia, Administra\u00e7\u00e3o, Contabilidade e Atu\u00e1ria de S\u00e3o Paulo (FEA\/USP). Mestra em Ci\u00eancias (Concentra\u00e7\u00e3o em Controladoria e contabilidade) e graduada em Economia Empresarial e Controladoria - Habilita\u00e7\u00e3o em Ci\u00eancias Econ\u00f4micas pela Faculdade de Economia, Administra\u00e7\u00e3o e Contabilidade de Ribeir\u00e3o Preto (FEARP\/USP). Tem experi\u00eancia na \u00e1rea de economia da estrat\u00e9gia, controladoria e contabilidade, atuando principalmente nos seguintes temas: governan\u00e7a corporativa, responsabilidade social, ESG, gerenciamento de resultados, estrat\u00e9gia e cooperativas.\n<br><br>\n<a href=\"http:\/\/lattes.cnpq.br\/5744200785002110\" target=\"_blank\" rel=\"noopener\"><b>\u00bb CURR\u00cdCULO LATTES<\/b><\/a><\/p><\/div><\/div>\t\t<\/div>\n\t\t\t\t<\/div>\n\t\t\t\t<div class=\"elementor-element elementor-element-e68110b elementor-widget elementor-widget-menu-anchor\" data-id=\"e68110b\" data-element_type=\"widget\" data-widget_type=\"menu-anchor.default\">\n\t\t\t\t<div class=\"elementor-widget-container\">\n\t\t\t\t\t<div class=\"elementor-menu-anchor\" id=\"g\"><\/div>\n\t\t\t\t<\/div>\n\t\t\t\t<\/div>\n\t\t\t\t<div class=\"elementor-element elementor-element-39a4667 elementor-position-left elementor-vertical-align-top elementor-widget elementor-widget-image-box\" data-id=\"39a4667\" data-element_type=\"widget\" data-settings=\"{&quot;_animation&quot;:&quot;none&quot;}\" data-widget_type=\"image-box.default\">\n\t\t\t\t<div class=\"elementor-widget-container\">\n\t\t\t<div class=\"elementor-image-box-wrapper\"><figure class=\"elementor-image-box-img\"><img loading=\"lazy\" decoding=\"async\" width=\"600\" height=\"600\" src=\"https:\/\/fia.com.br\/graduacao\/wp-content\/uploads\/sites\/6\/2024\/10\/IMG_0032-1.jpg\" class=\"elementor-animation-shrink attachment-full size-full wp-image-15175\" alt=\"\" srcset=\"https:\/\/fia.com.br\/graduacao\/wp-content\/uploads\/sites\/6\/2024\/10\/IMG_0032-1.jpg 600w, https:\/\/fia.com.br\/graduacao\/wp-content\/uploads\/sites\/6\/2024\/10\/IMG_0032-1-300x300.jpg 300w, https:\/\/fia.com.br\/graduacao\/wp-content\/uploads\/sites\/6\/2024\/10\/IMG_0032-1-150x150.jpg 150w\" sizes=\"(max-width: 600px) 100vw, 600px\" \/><\/figure><div class=\"elementor-image-box-content\"><h2 class=\"elementor-image-box-title\">Prof. Dr. George Andr\u00e9 Willrich Sales<\/h2><p class=\"elementor-image-box-description\">\u00c9 coordenador e pesquisador do n\u00facleo de docentes permanentes do Mestrado Profissional em Controladoria e Finan\u00e7as, dos Cursos de MBA, dos Cursos In Company, da Gradua\u00e7\u00e3o e ex-coordenador do Curso de Gradua\u00e7\u00e3o em Ci\u00eancias Cont\u00e1beis da Faculdade FIPECAFI (Funda\u00e7\u00e3o Instituto de Pesquisa Cont\u00e1beis, Atuariais e Financeiras). Professor da Escola de Neg\u00f3cios FIA (Funda\u00e7\u00e3o Instituto de Administra\u00e7\u00e3o), no Curso de Gradua\u00e7\u00e3o em Administra\u00e7\u00e3o e nos Cursos de MBA. Professor do IBMEC S\u00e3o Paulo nos Cursos de Gradua\u00e7\u00e3o em Administra\u00e7\u00e3o, Economia e Rela\u00e7\u00f5es Internacionais e nos Cursos de MBA. Foi professor visitante da UNIFESP (Universidade Federal de S\u00e3o Paulo), nos Cursos de Gradua\u00e7\u00e3o em Ci\u00eancias Cont\u00e1beis, Administra\u00e7\u00e3o e Economia de 2019 a 2021. Graduado em Processamento de Dados pela Faculdade de Tecnologia da Baixada Santista (FATEC-BS), em Direito pela Universidade Metropolitana de Santos (UNIMES) e em Ci\u00eancias Cont\u00e1beis pela Faculdade de Economia, Administra\u00e7\u00e3o e Contabilidade da Universidade de S\u00e3o Paulo (FEA\/USP). P\u00f3s-Graduado em Conhecimento, Tecnologia e Inova\u00e7\u00e3o pelo Master of Business Administration (MBA) da Funda\u00e7\u00e3o Instituto de Administra\u00e7\u00e3o FIA\/USP. Mestre em Contabilidade e Controladoria pela FEA\/USP (linha de Mercado Financeiro e Finan\u00e7as). Doutor em Administra\u00e7\u00e3o de Empresas na Universidade Presbiteriana Mackenzie (linha de Finan\u00e7a). Ex-Diretor de Licenciamento da PREVIC (Superintend\u00eancia Nacional de Previd\u00eancia Complementar). Atuou por 11 anos em Institui\u00e7\u00f5es Financeiras (Nacional e Internacional). Consultor em Finan\u00e7as e Mercado Financeiro. \n<br><br>\n<a href=\"http:\/\/lattes.cnpq.br\/7330430449291597\" target=\"_blank\" rel=\"noopener\"><b>\u00bb CURR\u00cdCULO LATTES<\/b><\/a><\/p><\/div><\/div>\t\t<\/div>\n\t\t\t\t<\/div>\n\t\t\t\t<div class=\"elementor-element elementor-element-e86ac27 elementor-widget elementor-widget-menu-anchor\" data-id=\"e86ac27\" data-element_type=\"widget\" data-widget_type=\"menu-anchor.default\">\n\t\t\t\t<div class=\"elementor-widget-container\">\n\t\t\t\t\t<div class=\"elementor-menu-anchor\" id=\"i\"><\/div>\n\t\t\t\t<\/div>\n\t\t\t\t<\/div>\n\t\t\t\t<div class=\"elementor-element elementor-element-c97a1d2 elementor-position-left elementor-vertical-align-top elementor-widget elementor-widget-image-box\" data-id=\"c97a1d2\" data-element_type=\"widget\" data-settings=\"{&quot;_animation&quot;:&quot;none&quot;}\" data-widget_type=\"image-box.default\">\n\t\t\t\t<div class=\"elementor-widget-container\">\n\t\t\t<div class=\"elementor-image-box-wrapper\"><figure class=\"elementor-image-box-img\"><img loading=\"lazy\" decoding=\"async\" width=\"1913\" height=\"1945\" src=\"https:\/\/fia.com.br\/graduacao\/wp-content\/uploads\/sites\/6\/2024\/10\/IMG_0068-1.jpg\" class=\"elementor-animation-shrink attachment-full size-full wp-image-15176\" alt=\"\" srcset=\"https:\/\/fia.com.br\/graduacao\/wp-content\/uploads\/sites\/6\/2024\/10\/IMG_0068-1.jpg 1913w, https:\/\/fia.com.br\/graduacao\/wp-content\/uploads\/sites\/6\/2024\/10\/IMG_0068-1-295x300.jpg 295w, https:\/\/fia.com.br\/graduacao\/wp-content\/uploads\/sites\/6\/2024\/10\/IMG_0068-1-1007x1024.jpg 1007w, https:\/\/fia.com.br\/graduacao\/wp-content\/uploads\/sites\/6\/2024\/10\/IMG_0068-1-768x781.jpg 768w, https:\/\/fia.com.br\/graduacao\/wp-content\/uploads\/sites\/6\/2024\/10\/IMG_0068-1-1511x1536.jpg 1511w\" sizes=\"(max-width: 1913px) 100vw, 1913px\" \/><\/figure><div class=\"elementor-image-box-content\"><h2 class=\"elementor-image-box-title\">Profa. Dra. Iris Gardino<\/h2><p class=\"elementor-image-box-description\">Gradua\u00e7\u00e3o em Letras pela Faculdade de Filosofia, Letras e Ci\u00eancias Humanas (1974) da USP, Licenciatura em L\u00edngua Portuguesa e Latim (l\u00edngua e literaturas) pela Faculdade de Educa\u00e7\u00e3o (1975) da USP, gradua\u00e7\u00e3o em Pedagogia pelo Centro Universit\u00e1rio Nove de Julho (1988), mestrado em Estil\u00edstica da L\u00edngua Portuguesa pela Faculdade de Filosofia, Letras e Ci\u00eancias Humanas (1986) da USP e doutorado em Produ\u00e7\u00e3o de Textos (Sintaxe e Sem\u00e2ntica em Textos Administrativos) pela Faculdade de Filosofia, Letras e Ci\u00eancias Humanas (2001) da USP.\n<br><br>\n<a href=\"http:\/\/buscatextual.cnpq.br\/buscatextual\/visualizacv.do?id=K4240316T7\" target=\"_blank\" rel=\"noopener\"><b>\u00bb CURR\u00cdCULO LATTES<\/b><\/a><\/p><\/div><\/div>\t\t<\/div>\n\t\t\t\t<\/div>\n\t\t\t\t<div class=\"elementor-element elementor-element-3d5a5a3 elementor-widget elementor-widget-menu-anchor\" data-id=\"3d5a5a3\" data-element_type=\"widget\" data-widget_type=\"menu-anchor.default\">\n\t\t\t\t<div class=\"elementor-widget-container\">\n\t\t\t\t\t<div class=\"elementor-menu-anchor\" id=\"l\"><\/div>\n\t\t\t\t<\/div>\n\t\t\t\t<\/div>\n\t\t\t\t<div class=\"elementor-element elementor-element-a60000a elementor-position-left elementor-vertical-align-top elementor-widget elementor-widget-image-box\" data-id=\"a60000a\" data-element_type=\"widget\" data-settings=\"{&quot;_animation&quot;:&quot;none&quot;}\" data-widget_type=\"image-box.default\">\n\t\t\t\t<div class=\"elementor-widget-container\">\n\t\t\t<div class=\"elementor-image-box-wrapper\"><figure class=\"elementor-image-box-img\"><img loading=\"lazy\" decoding=\"async\" width=\"1066\" height=\"1066\" src=\"https:\/\/fia.com.br\/graduacao\/wp-content\/uploads\/sites\/6\/2024\/10\/Leticia-Pedreira-min-1.jpeg\" class=\"elementor-animation-shrink attachment-full size-full wp-image-15177\" alt=\"\" srcset=\"https:\/\/fia.com.br\/graduacao\/wp-content\/uploads\/sites\/6\/2024\/10\/Leticia-Pedreira-min-1.jpeg 1066w, https:\/\/fia.com.br\/graduacao\/wp-content\/uploads\/sites\/6\/2024\/10\/Leticia-Pedreira-min-1-300x300.jpeg 300w, https:\/\/fia.com.br\/graduacao\/wp-content\/uploads\/sites\/6\/2024\/10\/Leticia-Pedreira-min-1-1024x1024.jpeg 1024w, https:\/\/fia.com.br\/graduacao\/wp-content\/uploads\/sites\/6\/2024\/10\/Leticia-Pedreira-min-1-150x150.jpeg 150w, https:\/\/fia.com.br\/graduacao\/wp-content\/uploads\/sites\/6\/2024\/10\/Leticia-Pedreira-min-1-768x768.jpeg 768w\" sizes=\"(max-width: 1066px) 100vw, 1066px\" \/><\/figure><div class=\"elementor-image-box-content\"><h2 class=\"elementor-image-box-title\">Profa. Dra. Let\u00edcia Pedreira Diniz Gon\u00e7alves<\/h2><p class=\"elementor-image-box-description\">Graduada em Direito pela Universidade Federal da Bahia (1997) e Gest\u00e3o e Design de Moda pela Universidade Salvador (2001). Mestre em Planejamento Territorial e Desenvolvimento Social pela Universidade Cat\u00f3lica do Salvador (2009). Doutora em Comunica\u00e7\u00e3o e Semi\u00f3tica pela Pontif\u00edcia Universidade Cat\u00f3lica de S\u00e3o Paulo (2022). Atualmente \u00e9 Coordenadora dos cursos de P\u00f3s-Gradua\u00e7\u00e3o Lato sensu e professora dos cursos de gradua\u00e7\u00e3o da Faculdade Sebrae. Atua, ainda, como professora visitante na Universidade Corporativa Bradesco, Funda\u00e7\u00e3o Instituto de Administra\u00e7\u00e3o, Istituto Europeu di Design, Faculdades da Ind\u00fastria FIEP Paran\u00e1, Centro Universit\u00e1rio Belas Artes. Principais temas: gest\u00e3o estrat\u00e9gica, design estrat\u00e9gico, business design, design thinking, comunica\u00e7\u00e3o, storytelling, orat\u00f3ria, empreendedorismo, criatividade e economia criativa.\n<br><br>\n<a href=\"http:\/\/lattes.cnpq.br\/3557474431251388\" target=\"_blank\" rel=\"noopener\"><b>\u00bb CURR\u00cdCULO LATTES<\/b><\/a><\/p><\/div><\/div>\t\t<\/div>\n\t\t\t\t<\/div>\n\t\t\t\t<div class=\"elementor-element elementor-element-2889b96 elementor-position-left elementor-vertical-align-top elementor-widget elementor-widget-image-box\" data-id=\"2889b96\" data-element_type=\"widget\" data-settings=\"{&quot;_animation&quot;:&quot;none&quot;}\" data-widget_type=\"image-box.default\">\n\t\t\t\t<div class=\"elementor-widget-container\">\n\t\t\t<div class=\"elementor-image-box-wrapper\"><figure class=\"elementor-image-box-img\"><img loading=\"lazy\" decoding=\"async\" width=\"400\" height=\"405\" src=\"https:\/\/fia.com.br\/graduacao\/wp-content\/uploads\/sites\/6\/2025\/03\/Imagem5.jpg\" class=\"elementor-animation-shrink attachment-full size-full wp-image-15282\" alt=\"\" srcset=\"https:\/\/fia.com.br\/graduacao\/wp-content\/uploads\/sites\/6\/2025\/03\/Imagem5.jpg 400w, https:\/\/fia.com.br\/graduacao\/wp-content\/uploads\/sites\/6\/2025\/03\/Imagem5-296x300.jpg 296w\" sizes=\"(max-width: 400px) 100vw, 400px\" \/><\/figure><div class=\"elementor-image-box-content\"><h2 class=\"elementor-image-box-title\">Prof. Dr. Licio da Costa Raimundo<\/h2><p class=\"elementor-image-box-description\">Possui gradua\u00e7\u00e3o em Economia pela Universidade de S\u00e3o Paulo (1993), mestrado em Ci\u00eancia Econ\u00f4mica pela Universidade Estadual de Campinas (1997) e doutorado em Teoria Econ\u00f4mica pela Universidade Estadual de Campinas (2002). Tem experi\u00eancia na \u00e1rea de Economia, com \u00eanfase em estudos relacionados aos Fundos de Pens\u00e3o. Nos \u00faltimos anos tem se dedicado a Estudos, pesquisas, palestras e publica\u00e7\u00f5es na \u00e1rea de Economia Pol\u00edtica, atuando principalmente sobre o tema economia pol\u00edtica internacional.\n<br><br>\n<a href=\"http:\/\/lattes.cnpq.br\/5690689195017912\" target=\"_blank\" rel=\"noopener\"><b>\u00bb CURR\u00cdCULO LATTES<\/b><\/a><\/p><\/div><\/div>\t\t<\/div>\n\t\t\t\t<\/div>\n\t\t\t\t<div class=\"elementor-element elementor-element-bbaef66 elementor-widget elementor-widget-menu-anchor\" data-id=\"bbaef66\" data-element_type=\"widget\" data-widget_type=\"menu-anchor.default\">\n\t\t\t\t<div class=\"elementor-widget-container\">\n\t\t\t\t\t<div class=\"elementor-menu-anchor\" id=\"n\"><\/div>\n\t\t\t\t<\/div>\n\t\t\t\t<\/div>\n\t\t\t\t<div class=\"elementor-element elementor-element-2bbdf73 elementor-position-left elementor-vertical-align-top elementor-widget elementor-widget-image-box\" data-id=\"2bbdf73\" data-element_type=\"widget\" data-settings=\"{&quot;_animation&quot;:&quot;none&quot;}\" data-widget_type=\"image-box.default\">\n\t\t\t\t<div class=\"elementor-widget-container\">\n\t\t\t<div class=\"elementor-image-box-wrapper\"><figure class=\"elementor-image-box-img\"><img loading=\"lazy\" decoding=\"async\" width=\"396\" height=\"402\" src=\"https:\/\/fia.com.br\/graduacao\/wp-content\/uploads\/sites\/6\/2025\/03\/Imagem6.jpg\" class=\"elementor-animation-shrink attachment-full size-full wp-image-15283\" alt=\"\" srcset=\"https:\/\/fia.com.br\/graduacao\/wp-content\/uploads\/sites\/6\/2025\/03\/Imagem6.jpg 396w, https:\/\/fia.com.br\/graduacao\/wp-content\/uploads\/sites\/6\/2025\/03\/Imagem6-296x300.jpg 296w\" sizes=\"(max-width: 396px) 100vw, 396px\" \/><\/figure><div class=\"elementor-image-box-content\"><h2 class=\"elementor-image-box-title\">Profa. Dra. Neusa Santos de Souza Nunes<\/h2><p class=\"elementor-image-box-description\">Possui gradua\u00e7\u00e3o em Economia pela Universidade Presbiteriana Mackenzie (1996), especializa\u00e7\u00e3o em Marketing (2010) tamb\u00e9m pelo Mackenzie. Mestrado (2012) e doutorado (2018) em Administra\u00e7\u00e3o com foco em Gest\u00e3o Internacional, ambas titula\u00e7\u00f5es pela ESPM - Escola Superior de Propaganda e Marketing (2012). Atualmente \u00e9 professora da ESPM nos cursos de gradua\u00e7\u00e3o. Membro do NDE - N\u00facleo Docente Estruturante do curso de Cinema e Audiovisual. Gestora de curso de educa\u00e7\u00e3o executiva para parceria ESPM e Apex Brasil. Pesquisa nas \u00e1reas de organiza\u00e7\u00e3o industrial e economia criativa. Atuou como coordenadora no PEIEX da APEX ? Orienta\u00e7\u00e3o para exporta\u00e7\u00e3o. Ministrou diversos cursos de curta dura\u00e7\u00e3o e p\u00f3s-gradua\u00e7\u00e3o, nas modalidades presencial e a dist\u00e2ncia.\n<br><br>\n<a href=\"http:\/\/lattes.cnpq.br\/3331296146662983\" target=\"_blank\" rel=\"noopener\"><b>\u00bb CURR\u00cdCULO LATTES<\/b><\/a><\/p><\/div><\/div>\t\t<\/div>\n\t\t\t\t<\/div>\n\t\t\t\t<div class=\"elementor-element elementor-element-570c9b8 elementor-widget elementor-widget-menu-anchor\" data-id=\"570c9b8\" data-element_type=\"widget\" data-widget_type=\"menu-anchor.default\">\n\t\t\t\t<div class=\"elementor-widget-container\">\n\t\t\t\t\t<div class=\"elementor-menu-anchor\" id=\"r\"><\/div>\n\t\t\t\t<\/div>\n\t\t\t\t<\/div>\n\t\t\t\t<div class=\"elementor-element elementor-element-01eda38 elementor-position-left elementor-vertical-align-top elementor-widget elementor-widget-image-box\" data-id=\"01eda38\" data-element_type=\"widget\" data-settings=\"{&quot;_animation&quot;:&quot;none&quot;}\" data-widget_type=\"image-box.default\">\n\t\t\t\t<div class=\"elementor-widget-container\">\n\t\t\t<div class=\"elementor-image-box-wrapper\"><figure class=\"elementor-image-box-img\"><img loading=\"lazy\" decoding=\"async\" width=\"600\" height=\"600\" src=\"https:\/\/fia.com.br\/graduacao\/wp-content\/uploads\/sites\/6\/2024\/10\/IMG_0100-1.jpg\" class=\"elementor-animation-shrink attachment-full size-full wp-image-15183\" alt=\"\" srcset=\"https:\/\/fia.com.br\/graduacao\/wp-content\/uploads\/sites\/6\/2024\/10\/IMG_0100-1.jpg 600w, https:\/\/fia.com.br\/graduacao\/wp-content\/uploads\/sites\/6\/2024\/10\/IMG_0100-1-300x300.jpg 300w, https:\/\/fia.com.br\/graduacao\/wp-content\/uploads\/sites\/6\/2024\/10\/IMG_0100-1-150x150.jpg 150w\" sizes=\"(max-width: 600px) 100vw, 600px\" \/><\/figure><div class=\"elementor-image-box-content\"><h2 class=\"elementor-image-box-title\">Prof. Dr.  Rodolfo Leandro de Faria Olivo<\/h2><p class=\"elementor-image-box-description\">Possui Doutorado e Mestrado em administra\u00e7\u00e3o pela FEA-USP, al\u00e9m de MBA em finan\u00e7as pela FGV, gradua\u00e7\u00e3o em Administra\u00e7\u00e3o de Empresas pela EAESP FGV\u2013SP e gradua\u00e7\u00e3o em Ci\u00eancias Econ\u00f4micas pela Universidade Anhembi Morumbi. Coordenador Adjunto do Programa de Doutorado e Mestrado Profissionais da FIA Business School, tamb\u00e9m leciona nesta mesma institui\u00e7\u00e3o na Gradua\u00e7\u00e3o, MBAs, Mestrado e Doutorado em Gest\u00e3o de Neg\u00f3cios. Vencedor por duas vezes do pr\u00eamio de melhor trabalho acad\u00eamico do ano sobre franquias pela Associa\u00e7\u00e3o Brasileira de Franchising (ABF) pela sua tese de doutorado e pela sua disserta\u00e7\u00e3o de mestrado. Autor de seis livros publicados sobre finan\u00e7as, administra\u00e7\u00e3o e economia, bem como mais de 40 artigos cient\u00edficos sobre os mesmos temas. Possui experi\u00eancia executiva no mercado financeiro brasileiro e internacional. Foi consultor de empresas na McKinsey&amp;Company, executivo em empresas de telefonia celular, energia el\u00e9trica e de educa\u00e7\u00e3o. Colunista regular do portal Intelig\u00eancia Financeira.\n<br><br>\n<a href=\"http:\/\/lattes.cnpq.br\/8173724982330825\" target=\"_blank\" rel=\"noopener\"><b>\u00bb CURR\u00cdCULO LATTES<\/b><\/a><\/p><\/div><\/div>\t\t<\/div>\n\t\t\t\t<\/div>\n\t\t\t\t<div class=\"elementor-element elementor-element-731375c elementor-position-left elementor-vertical-align-top elementor-widget elementor-widget-image-box\" data-id=\"731375c\" data-element_type=\"widget\" data-settings=\"{&quot;_animation&quot;:&quot;none&quot;}\" data-widget_type=\"image-box.default\">\n\t\t\t\t<div class=\"elementor-widget-container\">\n\t\t\t<div class=\"elementor-image-box-wrapper\"><figure class=\"elementor-image-box-img\"><img loading=\"lazy\" decoding=\"async\" width=\"600\" height=\"600\" src=\"https:\/\/fia.com.br\/graduacao\/wp-content\/uploads\/sites\/6\/2024\/10\/IMG_0128-1.jpg\" class=\"elementor-animation-shrink attachment-full size-full wp-image-15184\" alt=\"\" srcset=\"https:\/\/fia.com.br\/graduacao\/wp-content\/uploads\/sites\/6\/2024\/10\/IMG_0128-1.jpg 600w, https:\/\/fia.com.br\/graduacao\/wp-content\/uploads\/sites\/6\/2024\/10\/IMG_0128-1-300x300.jpg 300w, https:\/\/fia.com.br\/graduacao\/wp-content\/uploads\/sites\/6\/2024\/10\/IMG_0128-1-150x150.jpg 150w\" sizes=\"(max-width: 600px) 100vw, 600px\" \/><\/figure><div class=\"elementor-image-box-content\"><h2 class=\"elementor-image-box-title\">Prof. Dr. Ronaldo Frois de Carvalho<\/h2><p class=\"elementor-image-box-description\">Doutor em Educa\u00e7\u00e3o: Curr\u00edculo pela PUC-SP (2010), com pesquisa na \u00e1rea de Educa\u00e7\u00e3o em Contabilidade. Possui Mestrado e Gradua\u00e7\u00e3o em Ci\u00eancias Cont\u00e1beis pelo Centro Universit\u00e1rio \u00c1lvares Penteado - FECAP (2003 e 1999). Atualmente \u00e9 Pr\u00f3-Reitor de Gradua\u00e7\u00e3o (FECAP), Coordenador e Professor de Ci\u00eancias Cont\u00e1beis (FECAP) e Professor Colaborador da Faculdade FIA de Administra\u00e7\u00e3o e Neg\u00f3cios.Tem experi\u00eancia nas \u00e1reas de Controladoria, Auditoria e Contabilidade Societ\u00e1ria, atuando com os seguintes temas: harmoniza\u00e7\u00e3o das pr\u00e1ticas cont\u00e1beis, sarbanes-oxley act e controles internos, tanto em pesquisa como em atua\u00e7\u00e3o profissional em empresas nacionais e multinacionais.Atua\u00e7\u00e3o como membro titular de Comit\u00ea de Auditoria (CEAGESP. FINEP).Agraciado com o pr\u00eamio Frederico Hermann J\u00fanior por Honra ao M\u00e9rito Cont\u00e1bil pelo Conselho Regional de Contabilidade do Estado de S\u00e3o Paulo (CRC-SP), como reconhecimento pelas contribui\u00e7\u00f5es na \u00e1rea de ensino da contabilidade.\n<br><br>\n<a href=\"http:\/\/lattes.cnpq.br\/1678390500100525\" target=\"_blank\" rel=\"noopener\"><b>\u00bb CURR\u00cdCULO LATTES<\/b><\/a><\/p><\/div><\/div>\t\t<\/div>\n\t\t\t\t<\/div>\n\t\t\t\t<div class=\"elementor-element elementor-element-a791f57 elementor-widget elementor-widget-menu-anchor\" data-id=\"a791f57\" data-element_type=\"widget\" data-widget_type=\"menu-anchor.default\">\n\t\t\t\t<div class=\"elementor-widget-container\">\n\t\t\t\t\t<div class=\"elementor-menu-anchor\" id=\"s\"><\/div>\n\t\t\t\t<\/div>\n\t\t\t\t<\/div>\n\t\t\t\t<div class=\"elementor-element elementor-element-e399d93 elementor-position-left elementor-vertical-align-top elementor-widget elementor-widget-image-box\" data-id=\"e399d93\" data-element_type=\"widget\" data-settings=\"{&quot;_animation&quot;:&quot;none&quot;}\" data-widget_type=\"image-box.default\">\n\t\t\t\t<div class=\"elementor-widget-container\">\n\t\t\t<div class=\"elementor-image-box-wrapper\"><figure class=\"elementor-image-box-img\"><img loading=\"lazy\" decoding=\"async\" width=\"600\" height=\"600\" src=\"https:\/\/fia.com.br\/graduacao\/wp-content\/uploads\/sites\/6\/2026\/04\/Foto-Saulo-Abouchedid.jpeg\" class=\"elementor-animation-shrink attachment-full size-full wp-image-15519\" alt=\"\" srcset=\"https:\/\/fia.com.br\/graduacao\/wp-content\/uploads\/sites\/6\/2026\/04\/Foto-Saulo-Abouchedid.jpeg 600w, https:\/\/fia.com.br\/graduacao\/wp-content\/uploads\/sites\/6\/2026\/04\/Foto-Saulo-Abouchedid-300x300.jpeg 300w, https:\/\/fia.com.br\/graduacao\/wp-content\/uploads\/sites\/6\/2026\/04\/Foto-Saulo-Abouchedid-150x150.jpeg 150w\" sizes=\"(max-width: 600px) 100vw, 600px\" \/><\/figure><div class=\"elementor-image-box-content\"><h2 class=\"elementor-image-box-title\">Prof. Dr. Saulo Cabello Abouchedid<\/h2><p class=\"elementor-image-box-description\">Consultor Externo do Minist\u00e9rio da Sa\u00fade, Professor de Macroeconomia da FIA e da Facamp (Gradua\u00e7\u00e3o e P\u00f3s-Gradua\u00e7\u00e3o) e Doutor em Economia pela Unicamp. Minhas \u00e1reas de pesquisa e consultoria se concentram na elabora\u00e7\u00e3o de cen\u00e1rios macroecon\u00f4micos, nas intersec\u00e7\u00f5es entre economia e sa\u00fade e na an\u00e1lise macroecon\u00f4mica.\n<br><br>\n<a style=\"font-size: 14px\" href=\"http:\/\/lattes.cnpq.br\/6953024764264787\" target=\"_blank\" rel=\"noopener\"><b>\u00bb CURR\u00cdCULO LATTES<\/b><\/a><\/p><\/p><\/div><\/div>\t\t<\/div>\n\t\t\t\t<\/div>\n\t\t\t\t<div class=\"elementor-element elementor-element-8b6479a elementor-widget elementor-widget-menu-anchor\" data-id=\"8b6479a\" data-element_type=\"widget\" data-widget_type=\"menu-anchor.default\">\n\t\t\t\t<div class=\"elementor-widget-container\">\n\t\t\t\t\t<div class=\"elementor-menu-anchor\" id=\"w\"><\/div>\n\t\t\t\t<\/div>\n\t\t\t\t<\/div>\n\t\t\t\t<div class=\"elementor-element elementor-element-cd546d7 elementor-position-left elementor-vertical-align-top elementor-widget elementor-widget-image-box\" data-id=\"cd546d7\" data-element_type=\"widget\" data-settings=\"{&quot;_animation&quot;:&quot;none&quot;}\" data-widget_type=\"image-box.default\">\n\t\t\t\t<div class=\"elementor-widget-container\">\n\t\t\t<div class=\"elementor-image-box-wrapper\"><figure class=\"elementor-image-box-img\"><img loading=\"lazy\" decoding=\"async\" width=\"600\" height=\"600\" src=\"https:\/\/fia.com.br\/graduacao\/wp-content\/uploads\/sites\/6\/2024\/10\/IMG_0323-1.jpg\" class=\"elementor-animation-shrink attachment-full size-full wp-image-15186\" alt=\"\" srcset=\"https:\/\/fia.com.br\/graduacao\/wp-content\/uploads\/sites\/6\/2024\/10\/IMG_0323-1.jpg 600w, https:\/\/fia.com.br\/graduacao\/wp-content\/uploads\/sites\/6\/2024\/10\/IMG_0323-1-300x300.jpg 300w, https:\/\/fia.com.br\/graduacao\/wp-content\/uploads\/sites\/6\/2024\/10\/IMG_0323-1-150x150.jpg 150w\" sizes=\"(max-width: 600px) 100vw, 600px\" \/><\/figure><div class=\"elementor-image-box-content\"><h2 class=\"elementor-image-box-title\">Prof. M.E. William Andrew Presada<\/h2><p class=\"elementor-image-box-description\">Mestre em Gest\u00e3o de Neg\u00f3cios pela FIA. Graduado em Administra\u00e7\u00e3o de Empresas Rurais pela UEPG. Professor do Cursinho (projeto social) da FIA. Professor no Curso de Administra\u00e7\u00e3o da FIA. Professor no MBA Internacional da FIA. Palestrante, tradutor, revisor e escritor. Ciclista competitivo e ativista de ciclismo. Professor particular de Ingl\u00eas avan\u00e7ado. Coach e instrutor\/consultor de soft-skills, orat\u00f3ria e apresenta\u00e7\u00f5es, criatividade, negocia\u00e7\u00f5es, entrevistas e lideran\u00e7a.\n<br><br>\n<a href=\"http:\/\/lattes.cnpq.br\/1969195865761812\" target=\"_blank\" rel=\"noopener\"><b>\u00bb CURR\u00cdCULO LATTES<\/b><\/a><\/p><\/div><\/div>\t\t<\/div>\n\t\t\t\t<\/div>\n\t\t\t\t\t<\/div>\n\t\t\t\t<\/div>\n\t\t\t\t<\/div>\n\t\t","protected":false},"excerpt":{"rendered":"<p>Professores do Curso de Economia Gradua\u00e7\u00e3o FIA O corpo docente \u00e9 composto por professores com n\u00edvel de Mestrado e Doutorado. # A B C D E F G H I J K L M N O P Q R S T U V W X Y Z Profa. M.E. Isis de Cassia Vannucci de Oliveira [&hellip;]<\/p>\n","protected":false},"author":11,"featured_media":0,"parent":0,"menu_order":0,"comment_status":"closed","ping_status":"closed","template":"elementor_header_footer","meta":{"_acf_changed":false,"footnotes":""},"class_list":["post-15286","page","type-page","status-publish","hentry"],"acf":[],"yoast_head":"<!-- This site is optimized with the Yoast SEO plugin v23.5 - https:\/\/yoast.com\/wordpress\/plugins\/seo\/ -->\n<title>Corpo Docente Economia - Gradua\u00e7\u00e3o<\/title>\n<meta name=\"robots\" content=\"index, follow, max-snippet:-1, max-image-preview:large, max-video-preview:-1\" \/>\n<link rel=\"canonical\" href=\"https:\/\/fia.com.br\/graduacao\/corpo-docente-economia\/\" \/>\n<meta property=\"og:locale\" content=\"pt_BR\" \/>\n<meta property=\"og:type\" content=\"article\" \/>\n<meta property=\"og:title\" content=\"Corpo Docente Economia - Gradua\u00e7\u00e3o\" \/>\n<meta property=\"og:description\" content=\"Professores do Curso de Economia Gradua\u00e7\u00e3o FIA O corpo docente \u00e9 composto por professores com n\u00edvel de Mestrado e Doutorado. # A B C D E F G H I J K L M N O P Q R S T U V W X Y Z Profa. M.E. Isis de Cassia Vannucci de Oliveira [&hellip;]\" \/>\n<meta property=\"og:url\" content=\"https:\/\/fia.com.br\/graduacao\/corpo-docente-economia\/\" \/>\n<meta property=\"og:site_name\" content=\"Gradua\u00e7\u00e3o\" \/>\n<meta property=\"article:modified_time\" content=\"2026-04-06T18:04:36+00:00\" \/>\n<meta property=\"og:image\" content=\"https:\/\/fia.com.br\/graduacao\/wp-content\/uploads\/sites\/6\/2024\/10\/Isis-Koelle-1.jpg\" \/>\n<meta name=\"twitter:card\" content=\"summary_large_image\" \/>\n<meta name=\"twitter:label1\" content=\"Est. tempo de leitura\" \/>\n\t<meta name=\"twitter:data1\" content=\"12 minutos\" \/>\n<script type=\"application\/ld+json\" class=\"yoast-schema-graph\">{\"@context\":\"https:\/\/schema.org\",\"@graph\":[{\"@type\":\"WebPage\",\"@id\":\"https:\/\/fia.com.br\/graduacao\/corpo-docente-economia\/\",\"url\":\"https:\/\/fia.com.br\/graduacao\/corpo-docente-economia\/\",\"name\":\"Corpo Docente Economia - Gradua\u00e7\u00e3o\",\"isPartOf\":{\"@id\":\"https:\/\/fia.com.br\/graduacao\/#website\"},\"primaryImageOfPage\":{\"@id\":\"https:\/\/fia.com.br\/graduacao\/corpo-docente-economia\/#primaryimage\"},\"image\":{\"@id\":\"https:\/\/fia.com.br\/graduacao\/corpo-docente-economia\/#primaryimage\"},\"thumbnailUrl\":\"https:\/\/fia.com.br\/graduacao\/wp-content\/uploads\/sites\/6\/2024\/10\/Isis-Koelle-1.jpg\",\"datePublished\":\"2025-03-14T16:17:47+00:00\",\"dateModified\":\"2026-04-06T18:04:36+00:00\",\"breadcrumb\":{\"@id\":\"https:\/\/fia.com.br\/graduacao\/corpo-docente-economia\/#breadcrumb\"},\"inLanguage\":\"pt-BR\",\"potentialAction\":[{\"@type\":\"ReadAction\",\"target\":[\"https:\/\/fia.com.br\/graduacao\/corpo-docente-economia\/\"]}]},{\"@type\":\"ImageObject\",\"inLanguage\":\"pt-BR\",\"@id\":\"https:\/\/fia.com.br\/graduacao\/corpo-docente-economia\/#primaryimage\",\"url\":\"https:\/\/fia.com.br\/graduacao\/wp-content\/uploads\/sites\/6\/2024\/10\/Isis-Koelle-1.jpg\",\"contentUrl\":\"https:\/\/fia.com.br\/graduacao\/wp-content\/uploads\/sites\/6\/2024\/10\/Isis-Koelle-1.jpg\",\"width\":347,\"height\":346},{\"@type\":\"BreadcrumbList\",\"@id\":\"https:\/\/fia.com.br\/graduacao\/corpo-docente-economia\/#breadcrumb\",\"itemListElement\":[{\"@type\":\"ListItem\",\"position\":1,\"name\":\"In\u00edcio\",\"item\":\"https:\/\/fia.com.br\/graduacao\/\"},{\"@type\":\"ListItem\",\"position\":2,\"name\":\"Corpo Docente Economia\"}]},{\"@type\":\"WebSite\",\"@id\":\"https:\/\/fia.com.br\/graduacao\/#website\",\"url\":\"https:\/\/fia.com.br\/graduacao\/\",\"name\":\"FIA\",\"description\":\"FIA - Funda\u00e7\u00e3o Instituto de Administra\u00e7\u00e3o\",\"potentialAction\":[{\"@type\":\"SearchAction\",\"target\":{\"@type\":\"EntryPoint\",\"urlTemplate\":\"https:\/\/fia.com.br\/graduacao\/?s={search_term_string}\"},\"query-input\":{\"@type\":\"PropertyValueSpecification\",\"valueRequired\":true,\"valueName\":\"search_term_string\"}}],\"inLanguage\":\"pt-BR\"}]}<\/script>\n<!-- \/ Yoast SEO plugin. -->","yoast_head_json":{"title":"Corpo Docente Economia - Gradua\u00e7\u00e3o","robots":{"index":"index","follow":"follow","max-snippet":"max-snippet:-1","max-image-preview":"max-image-preview:large","max-video-preview":"max-video-preview:-1"},"canonical":"https:\/\/fia.com.br\/graduacao\/corpo-docente-economia\/","og_locale":"pt_BR","og_type":"article","og_title":"Corpo Docente Economia - Gradua\u00e7\u00e3o","og_description":"Professores do Curso de Economia Gradua\u00e7\u00e3o FIA O corpo docente \u00e9 composto por professores com n\u00edvel de Mestrado e Doutorado. # A B C D E F G H I J K L M N O P Q R S T U V W X Y Z Profa. M.E. Isis de Cassia Vannucci de Oliveira [&hellip;]","og_url":"https:\/\/fia.com.br\/graduacao\/corpo-docente-economia\/","og_site_name":"Gradua\u00e7\u00e3o","article_modified_time":"2026-04-06T18:04:36+00:00","og_image":[{"url":"https:\/\/fia.com.br\/graduacao\/wp-content\/uploads\/sites\/6\/2024\/10\/Isis-Koelle-1.jpg"}],"twitter_card":"summary_large_image","twitter_misc":{"Est. tempo de leitura":"12 minutos"},"schema":{"@context":"https:\/\/schema.org","@graph":[{"@type":"WebPage","@id":"https:\/\/fia.com.br\/graduacao\/corpo-docente-economia\/","url":"https:\/\/fia.com.br\/graduacao\/corpo-docente-economia\/","name":"Corpo Docente Economia - Gradua\u00e7\u00e3o","isPartOf":{"@id":"https:\/\/fia.com.br\/graduacao\/#website"},"primaryImageOfPage":{"@id":"https:\/\/fia.com.br\/graduacao\/corpo-docente-economia\/#primaryimage"},"image":{"@id":"https:\/\/fia.com.br\/graduacao\/corpo-docente-economia\/#primaryimage"},"thumbnailUrl":"https:\/\/fia.com.br\/graduacao\/wp-content\/uploads\/sites\/6\/2024\/10\/Isis-Koelle-1.jpg","datePublished":"2025-03-14T16:17:47+00:00","dateModified":"2026-04-06T18:04:36+00:00","breadcrumb":{"@id":"https:\/\/fia.com.br\/graduacao\/corpo-docente-economia\/#breadcrumb"},"inLanguage":"pt-BR","potentialAction":[{"@type":"ReadAction","target":["https:\/\/fia.com.br\/graduacao\/corpo-docente-economia\/"]}]},{"@type":"ImageObject","inLanguage":"pt-BR","@id":"https:\/\/fia.com.br\/graduacao\/corpo-docente-economia\/#primaryimage","url":"https:\/\/fia.com.br\/graduacao\/wp-content\/uploads\/sites\/6\/2024\/10\/Isis-Koelle-1.jpg","contentUrl":"https:\/\/fia.com.br\/graduacao\/wp-content\/uploads\/sites\/6\/2024\/10\/Isis-Koelle-1.jpg","width":347,"height":346},{"@type":"BreadcrumbList","@id":"https:\/\/fia.com.br\/graduacao\/corpo-docente-economia\/#breadcrumb","itemListElement":[{"@type":"ListItem","position":1,"name":"In\u00edcio","item":"https:\/\/fia.com.br\/graduacao\/"},{"@type":"ListItem","position":2,"name":"Corpo Docente Economia"}]},{"@type":"WebSite","@id":"https:\/\/fia.com.br\/graduacao\/#website","url":"https:\/\/fia.com.br\/graduacao\/","name":"FIA","description":"FIA - Funda\u00e7\u00e3o Instituto de Administra\u00e7\u00e3o","potentialAction":[{"@type":"SearchAction","target":{"@type":"EntryPoint","urlTemplate":"https:\/\/fia.com.br\/graduacao\/?s={search_term_string}"},"query-input":{"@type":"PropertyValueSpecification","valueRequired":true,"valueName":"search_term_string"}}],"inLanguage":"pt-BR"}]}},"_links":{"self":[{"href":"https:\/\/fia.com.br\/graduacao\/wp-json\/wp\/v2\/pages\/15286","targetHints":{"allow":["GET"]}}],"collection":[{"href":"https:\/\/fia.com.br\/graduacao\/wp-json\/wp\/v2\/pages"}],"about":[{"href":"https:\/\/fia.com.br\/graduacao\/wp-json\/wp\/v2\/types\/page"}],"author":[{"embeddable":true,"href":"https:\/\/fia.com.br\/graduacao\/wp-json\/wp\/v2\/users\/11"}],"replies":[{"embeddable":true,"href":"https:\/\/fia.com.br\/graduacao\/wp-json\/wp\/v2\/comments?post=15286"}],"version-history":[{"count":0,"href":"https:\/\/fia.com.br\/graduacao\/wp-json\/wp\/v2\/pages\/15286\/revisions"}],"wp:attachment":[{"href":"https:\/\/fia.com.br\/graduacao\/wp-json\/wp\/v2\/media?parent=15286"}],"curies":[{"name":"wp","href":"https:\/\/api.w.org\/{rel}","templated":true}]}}