{"version":"1.0","provider_name":"Gradua\u00e7\u00e3o","provider_url":"https:\/\/fia.com.br\/graduacao","author_name":"FIA","author_url":"https:\/\/fia.com.br\/graduacao\/blog\/author\/fia\/","title":"Uma vis\u00e3o geral sobre lideran\u00e7a feminina - Gradua\u00e7\u00e3o","type":"rich","width":600,"height":338,"html":"<blockquote class=\"wp-embedded-content\" data-secret=\"YAgKp9mfN1\"><a href=\"https:\/\/fia.com.br\/graduacao\/blog\/lideranca-feminina\/\">Uma vis\u00e3o geral sobre lideran\u00e7a feminina<\/a><\/blockquote><iframe sandbox=\"allow-scripts\" security=\"restricted\" src=\"https:\/\/fia.com.br\/graduacao\/blog\/lideranca-feminina\/embed\/#?secret=YAgKp9mfN1\" width=\"600\" height=\"338\" title=\"&#8220;Uma vis\u00e3o geral sobre lideran\u00e7a feminina&#8221; &#8212; Gradua\u00e7\u00e3o\" data-secret=\"YAgKp9mfN1\" frameborder=\"0\" marginwidth=\"0\" marginheight=\"0\" scrolling=\"no\" class=\"wp-embedded-content\"><\/iframe><script type=\"text\/javascript\">\n\/* <![CDATA[ *\/\n\/*! This file is auto-generated *\/\n!function(d,l){\"use strict\";l.querySelector&&d.addEventListener&&\"undefined\"!=typeof URL&&(d.wp=d.wp||{},d.wp.receiveEmbedMessage||(d.wp.receiveEmbedMessage=function(e){var t=e.data;if((t||t.secret||t.message||t.value)&&!\/[^a-zA-Z0-9]\/.test(t.secret)){for(var s,r,n,a=l.querySelectorAll('iframe[data-secret=\"'+t.secret+'\"]'),o=l.querySelectorAll('blockquote[data-secret=\"'+t.secret+'\"]'),c=new RegExp(\"^https?:$\",\"i\"),i=0;i<o.length;i++)o[i].style.display=\"none\";for(i=0;i<a.length;i++)s=a[i],e.source===s.contentWindow&&(s.removeAttribute(\"style\"),\"height\"===t.message?(1e3<(r=parseInt(t.value,10))?r=1e3:~~r<200&&(r=200),s.height=r):\"link\"===t.message&&(r=new URL(s.getAttribute(\"src\")),n=new URL(t.value),c.test(n.protocol))&&n.host===r.host&&l.activeElement===s&&(d.top.location.href=t.value))}},d.addEventListener(\"message\",d.wp.receiveEmbedMessage,!1),l.addEventListener(\"DOMContentLoaded\",function(){for(var e,t,s=l.querySelectorAll(\"iframe.wp-embedded-content\"),r=0;r<s.length;r++)(t=(e=s[r]).getAttribute(\"data-secret\"))||(t=Math.random().toString(36).substring(2,12),e.src+=\"#?secret=\"+t,e.setAttribute(\"data-secret\",t)),e.contentWindow.postMessage({message:\"ready\",secret:t},\"*\")},!1)))}(window,document);\n\/\/# sourceURL=https:\/\/fia.com.br\/graduacao\/wp-includes\/js\/wp-embed.min.js\n\/* ]]> *\/\n<\/script>\n","thumbnail_url":"https:\/\/fia.com.br\/graduacao\/wp-content\/uploads\/sites\/6\/2021\/01\/lideranca-feminina.jpg","thumbnail_width":1000,"thumbnail_height":667,"description":"O tema da lideran\u00e7a feminina no mundo corporativo est\u00e1 ligado \u00e0 no\u00e7\u00e3o de igualdade de condi\u00e7\u00f5es de trabalho entre homens e mulheres. Aspectos essenciais da rotina laboral, como sal\u00e1rio e tratamento individual, t\u00eam recebido aten\u00e7\u00e3o de empregadores nos \u00faltimos anos. A lideran\u00e7a feminina \u00e9 a aplica\u00e7\u00e3o a mulheres da capacidade de influenciar grupamentos dentro de uma empresa, e se insere num contexto geral de mudan\u00e7as de regras sociais e de conduta no ambiente de trabalho, antes restritas \u00e0s mulheres. A no\u00e7\u00e3o de lideran\u00e7a feminina tamb\u00e9m est\u00e1 ligada \u00e0 ocupa\u00e7\u00e3o de posi\u00e7\u00f5es estrat\u00e9gicas em organiza\u00e7\u00f5es ou \u00e0 frente de seus pr\u00f3prios neg\u00f3cios. Historicamente, a lideran\u00e7a feminina \u00e9 um fen\u00f4meno recente, derivado de mudan\u00e7as fundamentais da sociedade e mobiliza\u00e7\u00e3o de grupos dedicados \u00e0 busca de igualdade entre homens e mulheres."}